{"id":893,"date":"2018-02-14T11:50:20","date_gmt":"2018-02-14T10:50:20","guid":{"rendered":"https:\/\/greencottage.be\/?page_id=893"},"modified":"2025-09-29T15:04:59","modified_gmt":"2025-09-29T13:04:59","slug":"verhuur-seminarie-residentieel-brussel","status":"publish","type":"page","link":"https:\/\/greencottage.be\/nl\/verhuur-seminarie-residentieel-brussel\/","title":{"rendered":"De Green Cottage"},"content":{"rendered":"<blockquote><p>De Green Cottage ligt in het hart van het Vlaamse platteland, in een volledig gerenoveerde 400 jaar oude boerderij.<\/p><\/blockquote>\n<p>In dit warme gastenhuis kunt u heerlijk genieten van de rust na een welgevulde dag of voor een familieweekend.<\/p>\n<p>Onze gastenhuis beschikt over 8 junior suites waarvan twee met aangepaste toegang en faciliteiten voor mindervaliden.<\/p>\n<div id='gallery-1' class='gallery galleryid-893 gallery-columns-3 gallery-size-thumbnail'><figure class='gallery-item'>\n\t\t\t<div class='gallery-icon landscape'>\n\t\t\t\t<a href='https:\/\/greencottage.be\/wp-content\/uploads\/2018\/02\/greencottage-vergaderzaal-gastenkamer-brussel-luchthaven-atomium-heizel-s2-09.jpg'><img loading=\"lazy\" decoding=\"async\" width=\"330\" height=\"330\" src=\"https:\/\/greencottage.be\/wp-content\/uploads\/2018\/02\/greencottage-vergaderzaal-gastenkamer-brussel-luchthaven-atomium-heizel-s2-09-330x330.jpg\" class=\"attachment-thumbnail size-thumbnail\" alt=\"Greencottage Vergaderzaal Gastenkamer Brussel Luchthaven Atomium Heizel S2 09\" srcset=\"https:\/\/greencottage.be\/wp-content\/uploads\/2018\/02\/greencottage-vergaderzaal-gastenkamer-brussel-luchthaven-atomium-heizel-s2-09-330x330.jpg 330w, https:\/\/greencottage.be\/wp-content\/uploads\/2018\/02\/greencottage-vergaderzaal-gastenkamer-brussel-luchthaven-atomium-heizel-s2-09-50x50.jpg 50w\" sizes=\"auto, (max-width: 330px) 100vw, 330px\" \/><\/a>\n\t\t\t<\/div><\/figure><figure class='gallery-item'>\n\t\t\t<div class='gallery-icon portrait'>\n\t\t\t\t<a href='https:\/\/greencottage.be\/wp-content\/uploads\/2018\/02\/greencottage-chambre-d-hotes-bed-and-breakfast-bruxelles-aeroport-atomium-heysel-_28.jpg'><img loading=\"lazy\" decoding=\"async\" width=\"330\" height=\"330\" src=\"https:\/\/greencottage.be\/wp-content\/uploads\/2018\/02\/greencottage-chambre-d-hotes-bed-and-breakfast-bruxelles-aeroport-atomium-heysel-_28-330x330.jpg\" class=\"attachment-thumbnail size-thumbnail\" alt=\"Greencottage Chambre D Hotes Bed And Breakfast Bruxelles Aeroport Atomium Heysel 28\" srcset=\"https:\/\/greencottage.be\/wp-content\/uploads\/2018\/02\/greencottage-chambre-d-hotes-bed-and-breakfast-bruxelles-aeroport-atomium-heysel-_28-330x330.jpg 330w, https:\/\/greencottage.be\/wp-content\/uploads\/2018\/02\/greencottage-chambre-d-hotes-bed-and-breakfast-bruxelles-aeroport-atomium-heysel-_28-50x50.jpg 50w, https:\/\/greencottage.be\/wp-content\/uploads\/2018\/02\/greencottage-chambre-d-hotes-bed-and-breakfast-bruxelles-aeroport-atomium-heysel-_28-300x300.jpg 300w, https:\/\/greencottage.be\/wp-content\/uploads\/2018\/02\/greencottage-chambre-d-hotes-bed-and-breakfast-bruxelles-aeroport-atomium-heysel-_28-100x100.jpg 100w, https:\/\/greencottage.be\/wp-content\/uploads\/2018\/02\/greencottage-chambre-d-hotes-bed-and-breakfast-bruxelles-aeroport-atomium-heysel-_28-150x150.jpg 150w, https:\/\/greencottage.be\/wp-content\/uploads\/2018\/02\/greencottage-chambre-d-hotes-bed-and-breakfast-bruxelles-aeroport-atomium-heysel-_28-48x48.jpg 48w\" sizes=\"auto, (max-width: 330px) 100vw, 330px\" \/><\/a>\n\t\t\t<\/div><\/figure><figure class='gallery-item'>\n\t\t\t<div class='gallery-icon landscape'>\n\t\t\t\t<a href='https:\/\/greencottage.be\/wp-content\/uploads\/2018\/02\/greencottage-vergaderzaal-gastenkamer-brussel-luchthaven-atomium-heizel-s2-03.jpg'><img loading=\"lazy\" decoding=\"async\" width=\"330\" height=\"330\" src=\"https:\/\/greencottage.be\/wp-content\/uploads\/2018\/02\/greencottage-vergaderzaal-gastenkamer-brussel-luchthaven-atomium-heizel-s2-03-330x330.jpg\" class=\"attachment-thumbnail size-thumbnail\" alt=\"Greencottage Vergaderzaal Gastenkamer Brussel Luchthaven Atomium Heizel S2 03\" srcset=\"https:\/\/greencottage.be\/wp-content\/uploads\/2018\/02\/greencottage-vergaderzaal-gastenkamer-brussel-luchthaven-atomium-heizel-s2-03-330x330.jpg 330w, https:\/\/greencottage.be\/wp-content\/uploads\/2018\/02\/greencottage-vergaderzaal-gastenkamer-brussel-luchthaven-atomium-heizel-s2-03-50x50.jpg 50w\" sizes=\"auto, (max-width: 330px) 100vw, 330px\" \/><\/a>\n\t\t\t<\/div><\/figure><figure class='gallery-item'>\n\t\t\t<div class='gallery-icon portrait'>\n\t\t\t\t<a href='https:\/\/greencottage.be\/wp-content\/uploads\/2018\/02\/greencottage-chambre-d-hotes-bed-and-breakfast-bruxelles-aeroport-atomium-heysel-_DSF2797.jpg'><img loading=\"lazy\" decoding=\"async\" width=\"330\" height=\"330\" src=\"https:\/\/greencottage.be\/wp-content\/uploads\/2018\/02\/greencottage-chambre-d-hotes-bed-and-breakfast-bruxelles-aeroport-atomium-heysel-_DSF2797-330x330.jpg\" class=\"attachment-thumbnail size-thumbnail\" alt=\"Greencottage Chambre D Hotes Bed And Breakfast Bruxelles Aeroport Atomium Heysel DSF2797\" srcset=\"https:\/\/greencottage.be\/wp-content\/uploads\/2018\/02\/greencottage-chambre-d-hotes-bed-and-breakfast-bruxelles-aeroport-atomium-heysel-_DSF2797-330x330.jpg 330w, https:\/\/greencottage.be\/wp-content\/uploads\/2018\/02\/greencottage-chambre-d-hotes-bed-and-breakfast-bruxelles-aeroport-atomium-heysel-_DSF2797-50x50.jpg 50w, https:\/\/greencottage.be\/wp-content\/uploads\/2018\/02\/greencottage-chambre-d-hotes-bed-and-breakfast-bruxelles-aeroport-atomium-heysel-_DSF2797-300x300.jpg 300w\" sizes=\"auto, (max-width: 330px) 100vw, 330px\" \/><\/a>\n\t\t\t<\/div><\/figure><figure class='gallery-item'>\n\t\t\t<div class='gallery-icon landscape'>\n\t\t\t\t<a href='https:\/\/greencottage.be\/wp-content\/uploads\/2018\/02\/greencottage-chambre-d-hotes-bed-and-breakfast-bruxelles-aeroport-atomium-heysel-_DSF2833.jpg'><img loading=\"lazy\" decoding=\"async\" width=\"330\" height=\"330\" src=\"https:\/\/greencottage.be\/wp-content\/uploads\/2018\/02\/greencottage-chambre-d-hotes-bed-and-breakfast-bruxelles-aeroport-atomium-heysel-_DSF2833-330x330.jpg\" class=\"attachment-thumbnail size-thumbnail\" alt=\"Greencottage Chambre D Hotes Bed And Breakfast Bruxelles Aeroport Atomium Heysel DSF2833\" srcset=\"https:\/\/greencottage.be\/wp-content\/uploads\/2018\/02\/greencottage-chambre-d-hotes-bed-and-breakfast-bruxelles-aeroport-atomium-heysel-_DSF2833-330x330.jpg 330w, https:\/\/greencottage.be\/wp-content\/uploads\/2018\/02\/greencottage-chambre-d-hotes-bed-and-breakfast-bruxelles-aeroport-atomium-heysel-_DSF2833-50x50.jpg 50w, https:\/\/greencottage.be\/wp-content\/uploads\/2018\/02\/greencottage-chambre-d-hotes-bed-and-breakfast-bruxelles-aeroport-atomium-heysel-_DSF2833-300x300.jpg 300w, https:\/\/greencottage.be\/wp-content\/uploads\/2018\/02\/greencottage-chambre-d-hotes-bed-and-breakfast-bruxelles-aeroport-atomium-heysel-_DSF2833-100x100.jpg 100w, https:\/\/greencottage.be\/wp-content\/uploads\/2018\/02\/greencottage-chambre-d-hotes-bed-and-breakfast-bruxelles-aeroport-atomium-heysel-_DSF2833-150x150.jpg 150w, https:\/\/greencottage.be\/wp-content\/uploads\/2018\/02\/greencottage-chambre-d-hotes-bed-and-breakfast-bruxelles-aeroport-atomium-heysel-_DSF2833-48x48.jpg 48w\" sizes=\"auto, (max-width: 330px) 100vw, 330px\" \/><\/a>\n\t\t\t<\/div><\/figure><figure class='gallery-item'>\n\t\t\t<div class='gallery-icon portrait'>\n\t\t\t\t<a href='https:\/\/greencottage.be\/wp-content\/uploads\/2018\/02\/greencottage-chambre-d-hotes-bed-and-breakfast-bruxelles-aeroport-atomium-heysel-_42.jpg'><img loading=\"lazy\" decoding=\"async\" width=\"330\" height=\"330\" src=\"https:\/\/greencottage.be\/wp-content\/uploads\/2018\/02\/greencottage-chambre-d-hotes-bed-and-breakfast-bruxelles-aeroport-atomium-heysel-_42-330x330.jpg\" class=\"attachment-thumbnail size-thumbnail\" alt=\"Greencottage Chambre D Hotes Bed And Breakfast Bruxelles Aeroport Atomium Heysel 42\" srcset=\"https:\/\/greencottage.be\/wp-content\/uploads\/2018\/02\/greencottage-chambre-d-hotes-bed-and-breakfast-bruxelles-aeroport-atomium-heysel-_42-330x330.jpg 330w, https:\/\/greencottage.be\/wp-content\/uploads\/2018\/02\/greencottage-chambre-d-hotes-bed-and-breakfast-bruxelles-aeroport-atomium-heysel-_42-50x50.jpg 50w, https:\/\/greencottage.be\/wp-content\/uploads\/2018\/02\/greencottage-chambre-d-hotes-bed-and-breakfast-bruxelles-aeroport-atomium-heysel-_42-300x300.jpg 300w, https:\/\/greencottage.be\/wp-content\/uploads\/2018\/02\/greencottage-chambre-d-hotes-bed-and-breakfast-bruxelles-aeroport-atomium-heysel-_42-100x100.jpg 100w, https:\/\/greencottage.be\/wp-content\/uploads\/2018\/02\/greencottage-chambre-d-hotes-bed-and-breakfast-bruxelles-aeroport-atomium-heysel-_42-150x150.jpg 150w, https:\/\/greencottage.be\/wp-content\/uploads\/2018\/02\/greencottage-chambre-d-hotes-bed-and-breakfast-bruxelles-aeroport-atomium-heysel-_42-48x48.jpg 48w\" sizes=\"auto, (max-width: 330px) 100vw, 330px\" \/><\/a>\n\t\t\t<\/div><\/figure><figure class='gallery-item'>\n\t\t\t<div class='gallery-icon landscape'>\n\t\t\t\t<a href='https:\/\/greencottage.be\/wp-content\/uploads\/2018\/02\/greencottage-chambre-d-hotes-bed-and-breakfast-bruxelles-aeroport-atomium-heysel-_33.jpg'><img loading=\"lazy\" decoding=\"async\" width=\"330\" height=\"330\" src=\"https:\/\/greencottage.be\/wp-content\/uploads\/2018\/02\/greencottage-chambre-d-hotes-bed-and-breakfast-bruxelles-aeroport-atomium-heysel-_33-330x330.jpg\" class=\"attachment-thumbnail size-thumbnail\" alt=\"Greencottage Chambre D Hotes Bed And Breakfast Bruxelles Aeroport Atomium Heysel 33\" srcset=\"https:\/\/greencottage.be\/wp-content\/uploads\/2018\/02\/greencottage-chambre-d-hotes-bed-and-breakfast-bruxelles-aeroport-atomium-heysel-_33-330x330.jpg 330w, https:\/\/greencottage.be\/wp-content\/uploads\/2018\/02\/greencottage-chambre-d-hotes-bed-and-breakfast-bruxelles-aeroport-atomium-heysel-_33-50x50.jpg 50w, https:\/\/greencottage.be\/wp-content\/uploads\/2018\/02\/greencottage-chambre-d-hotes-bed-and-breakfast-bruxelles-aeroport-atomium-heysel-_33-300x300.jpg 300w, https:\/\/greencottage.be\/wp-content\/uploads\/2018\/02\/greencottage-chambre-d-hotes-bed-and-breakfast-bruxelles-aeroport-atomium-heysel-_33-100x100.jpg 100w, https:\/\/greencottage.be\/wp-content\/uploads\/2018\/02\/greencottage-chambre-d-hotes-bed-and-breakfast-bruxelles-aeroport-atomium-heysel-_33-150x150.jpg 150w, https:\/\/greencottage.be\/wp-content\/uploads\/2018\/02\/greencottage-chambre-d-hotes-bed-and-breakfast-bruxelles-aeroport-atomium-heysel-_33-48x48.jpg 48w\" sizes=\"auto, (max-width: 330px) 100vw, 330px\" \/><\/a>\n\t\t\t<\/div><\/figure>\n\t\t<\/div>\n\n","protected":false},"excerpt":{"rendered":"<p>De Green Cottage ligt in het hart van het Vlaamse platteland, in een volledig gerenoveerde 400 jaar oude boerderij. In dit warme gastenhuis kunt u heerlijk genieten van de rust na een welgevulde dag of voor een familieweekend. Onze gastenhuis beschikt over 8 junior suites waarvan twee met aangepaste toegang en faciliteiten voor mindervaliden.<\/p>\n","protected":false},"author":1,"featured_media":466,"parent":0,"menu_order":0,"comment_status":"closed","ping_status":"closed","template":"","meta":{"_genesis_hide_title":false,"_genesis_hide_breadcrumbs":false,"_genesis_hide_singular_image":false,"_genesis_hide_footer_widgets":false,"_genesis_custom_body_class":"no-title","_genesis_custom_post_class":"","_genesis_layout":"","footnotes":""},"class_list":{"0":"post-893","1":"page","2":"type-page","3":"status-publish","4":"has-post-thumbnail","6":"entry"},"yoast_head":"<!-- This site is optimized with the Yoast SEO plugin v27.4 - https:\/\/yoast.com\/product\/yoast-seo-wordpress\/ -->\n<title>Seminaries en teambuildings vlakbij Brussel - Vlaams-Brabant<\/title>\n<meta name=\"description\" content=\"Een seminariezaal, vergaderzaal of een plaats voor een teambuilding in het groen EN in de buurt van Brussel huren? Ontdek onze gerenoveerde boerderij !\" \/>\n<meta name=\"robots\" content=\"index, follow, max-snippet:-1, max-image-preview:large, max-video-preview:-1\" \/>\n<link rel=\"canonical\" href=\"https:\/\/greencottage.be\/nl\/verhuur-seminarie-residentieel-brussel\/\" \/>\n<meta property=\"og:locale\" content=\"nl_BE\" \/>\n<meta property=\"og:type\" content=\"article\" \/>\n<meta property=\"og:title\" content=\"Seminaries en teambuildings vlakbij Brussel - Vlaams-Brabant\" \/>\n<meta property=\"og:description\" content=\"Een seminariezaal, vergaderzaal of een plaats voor een teambuilding in het groen EN in de buurt van Brussel huren? Ontdek onze gerenoveerde boerderij !\" \/>\n<meta property=\"og:url\" content=\"https:\/\/greencottage.be\/nl\/verhuur-seminarie-residentieel-brussel\/\" \/>\n<meta property=\"og:site_name\" content=\"Green Cottage\" \/>\n<meta property=\"article:publisher\" content=\"https:\/\/www.facebook.com\/www.greencottage.be\" \/>\n<meta property=\"article:modified_time\" content=\"2025-09-29T13:04:59+00:00\" \/>\n<meta property=\"og:image\" content=\"https:\/\/greencottage.be\/wp-content\/uploads\/2018\/02\/greencottage-salle-de-reunion-chambre-d-hote-bruxelles-ae\u0301roport-atomium-heysel-s2-05.jpg\" \/>\n\t<meta property=\"og:image:width\" content=\"1024\" \/>\n\t<meta property=\"og:image:height\" content=\"576\" \/>\n\t<meta property=\"og:image:type\" content=\"image\/jpeg\" \/>\n<meta name=\"twitter:card\" content=\"summary_large_image\" \/>\n<meta name=\"twitter:label1\" content=\"Geschatte leestijd\" \/>\n\t<meta name=\"twitter:data1\" content=\"1 minute\" \/>\n<script type=\"application\/ld+json\" class=\"yoast-schema-graph\">{\"@context\":\"https:\\\/\\\/schema.org\",\"@graph\":[{\"@type\":\"WebPage\",\"@id\":\"https:\\\/\\\/greencottage.be\\\/nl\\\/verhuur-seminarie-residentieel-brussel\\\/\",\"url\":\"https:\\\/\\\/greencottage.be\\\/nl\\\/verhuur-seminarie-residentieel-brussel\\\/\",\"name\":\"Seminaries en teambuildings vlakbij Brussel - Vlaams-Brabant\",\"isPartOf\":{\"@id\":\"https:\\\/\\\/greencottage.be\\\/nl\\\/#website\"},\"primaryImageOfPage\":{\"@id\":\"https:\\\/\\\/greencottage.be\\\/nl\\\/verhuur-seminarie-residentieel-brussel\\\/#primaryimage\"},\"image\":{\"@id\":\"https:\\\/\\\/greencottage.be\\\/nl\\\/verhuur-seminarie-residentieel-brussel\\\/#primaryimage\"},\"thumbnailUrl\":\"https:\\\/\\\/greencottage.be\\\/wp-content\\\/uploads\\\/2018\\\/02\\\/greencottage-salle-de-reunion-chambre-d-hote-bruxelles-ae\u0301roport-atomium-heysel-s2-05.jpg\",\"datePublished\":\"2018-02-14T10:50:20+00:00\",\"dateModified\":\"2025-09-29T13:04:59+00:00\",\"description\":\"Een seminariezaal, vergaderzaal of een plaats voor een teambuilding in het groen EN in de buurt van Brussel huren? Ontdek onze gerenoveerde boerderij !\",\"breadcrumb\":{\"@id\":\"https:\\\/\\\/greencottage.be\\\/nl\\\/verhuur-seminarie-residentieel-brussel\\\/#breadcrumb\"},\"inLanguage\":\"nl-BE\",\"potentialAction\":[{\"@type\":\"ReadAction\",\"target\":[\"https:\\\/\\\/greencottage.be\\\/nl\\\/verhuur-seminarie-residentieel-brussel\\\/\"]}]},{\"@type\":\"ImageObject\",\"inLanguage\":\"nl-BE\",\"@id\":\"https:\\\/\\\/greencottage.be\\\/nl\\\/verhuur-seminarie-residentieel-brussel\\\/#primaryimage\",\"url\":\"https:\\\/\\\/greencottage.be\\\/wp-content\\\/uploads\\\/2018\\\/02\\\/greencottage-salle-de-reunion-chambre-d-hote-bruxelles-ae\u0301roport-atomium-heysel-s2-05.jpg\",\"contentUrl\":\"https:\\\/\\\/greencottage.be\\\/wp-content\\\/uploads\\\/2018\\\/02\\\/greencottage-salle-de-reunion-chambre-d-hote-bruxelles-ae\u0301roport-atomium-heysel-s2-05.jpg\",\"width\":1024,\"height\":576,\"caption\":\"Greencottage Salle De Reunion Chambre D Hote Bruxelles A\u00e9roport Atomium Heysel\"},{\"@type\":\"BreadcrumbList\",\"@id\":\"https:\\\/\\\/greencottage.be\\\/nl\\\/verhuur-seminarie-residentieel-brussel\\\/#breadcrumb\",\"itemListElement\":[{\"@type\":\"ListItem\",\"position\":1,\"name\":\"Accueil\",\"item\":\"https:\\\/\\\/greencottage.be\\\/nl\\\/\"},{\"@type\":\"ListItem\",\"position\":2,\"name\":\"De Green Cottage\"}]},{\"@type\":\"WebSite\",\"@id\":\"https:\\\/\\\/greencottage.be\\\/nl\\\/#website\",\"url\":\"https:\\\/\\\/greencottage.be\\\/nl\\\/\",\"name\":\"Green Cottage\",\"description\":\"Salle de r\u00e9union \\\/ S\u00e9minaire au vert \u00e0 proximit\u00e9 de Bruxelles\",\"publisher\":{\"@id\":\"https:\\\/\\\/greencottage.be\\\/nl\\\/#organization\"},\"potentialAction\":[{\"@type\":\"SearchAction\",\"target\":{\"@type\":\"EntryPoint\",\"urlTemplate\":\"https:\\\/\\\/greencottage.be\\\/nl\\\/?s={search_term_string}\"},\"query-input\":{\"@type\":\"PropertyValueSpecification\",\"valueRequired\":true,\"valueName\":\"search_term_string\"}}],\"inLanguage\":\"nl-BE\"},{\"@type\":\"Organization\",\"@id\":\"https:\\\/\\\/greencottage.be\\\/nl\\\/#organization\",\"name\":\"Green Cottage\",\"url\":\"https:\\\/\\\/greencottage.be\\\/nl\\\/\",\"logo\":{\"@type\":\"ImageObject\",\"inLanguage\":\"nl-BE\",\"@id\":\"https:\\\/\\\/greencottage.be\\\/nl\\\/#\\\/schema\\\/logo\\\/image\\\/\",\"url\":\"https:\\\/\\\/greencottage.be\\\/wp-content\\\/uploads\\\/2023\\\/11\\\/cropped-Greencottage_logo-01.png\",\"contentUrl\":\"https:\\\/\\\/greencottage.be\\\/wp-content\\\/uploads\\\/2023\\\/11\\\/cropped-Greencottage_logo-01.png\",\"width\":400,\"height\":302,\"caption\":\"Green Cottage\"},\"image\":{\"@id\":\"https:\\\/\\\/greencottage.be\\\/nl\\\/#\\\/schema\\\/logo\\\/image\\\/\"},\"sameAs\":[\"https:\\\/\\\/www.facebook.com\\\/www.greencottage.be\"]}]}<\/script>\n<!-- \/ Yoast SEO plugin. -->","yoast_head_json":{"title":"Seminaries en teambuildings vlakbij Brussel - Vlaams-Brabant","description":"Een seminariezaal, vergaderzaal of een plaats voor een teambuilding in het groen EN in de buurt van Brussel huren? Ontdek onze gerenoveerde boerderij !","robots":{"index":"index","follow":"follow","max-snippet":"max-snippet:-1","max-image-preview":"max-image-preview:large","max-video-preview":"max-video-preview:-1"},"canonical":"https:\/\/greencottage.be\/nl\/verhuur-seminarie-residentieel-brussel\/","og_locale":"nl_BE","og_type":"article","og_title":"Seminaries en teambuildings vlakbij Brussel - Vlaams-Brabant","og_description":"Een seminariezaal, vergaderzaal of een plaats voor een teambuilding in het groen EN in de buurt van Brussel huren? Ontdek onze gerenoveerde boerderij !","og_url":"https:\/\/greencottage.be\/nl\/verhuur-seminarie-residentieel-brussel\/","og_site_name":"Green Cottage","article_publisher":"https:\/\/www.facebook.com\/www.greencottage.be","article_modified_time":"2025-09-29T13:04:59+00:00","og_image":[{"width":1024,"height":576,"url":"https:\/\/greencottage.be\/wp-content\/uploads\/2018\/02\/greencottage-salle-de-reunion-chambre-d-hote-bruxelles-ae\u0301roport-atomium-heysel-s2-05.jpg","type":"image\/jpeg"}],"twitter_card":"summary_large_image","twitter_misc":{"Geschatte leestijd":"1 minute"},"schema":{"@context":"https:\/\/schema.org","@graph":[{"@type":"WebPage","@id":"https:\/\/greencottage.be\/nl\/verhuur-seminarie-residentieel-brussel\/","url":"https:\/\/greencottage.be\/nl\/verhuur-seminarie-residentieel-brussel\/","name":"Seminaries en teambuildings vlakbij Brussel - Vlaams-Brabant","isPartOf":{"@id":"https:\/\/greencottage.be\/nl\/#website"},"primaryImageOfPage":{"@id":"https:\/\/greencottage.be\/nl\/verhuur-seminarie-residentieel-brussel\/#primaryimage"},"image":{"@id":"https:\/\/greencottage.be\/nl\/verhuur-seminarie-residentieel-brussel\/#primaryimage"},"thumbnailUrl":"https:\/\/greencottage.be\/wp-content\/uploads\/2018\/02\/greencottage-salle-de-reunion-chambre-d-hote-bruxelles-ae\u0301roport-atomium-heysel-s2-05.jpg","datePublished":"2018-02-14T10:50:20+00:00","dateModified":"2025-09-29T13:04:59+00:00","description":"Een seminariezaal, vergaderzaal of een plaats voor een teambuilding in het groen EN in de buurt van Brussel huren? Ontdek onze gerenoveerde boerderij !","breadcrumb":{"@id":"https:\/\/greencottage.be\/nl\/verhuur-seminarie-residentieel-brussel\/#breadcrumb"},"inLanguage":"nl-BE","potentialAction":[{"@type":"ReadAction","target":["https:\/\/greencottage.be\/nl\/verhuur-seminarie-residentieel-brussel\/"]}]},{"@type":"ImageObject","inLanguage":"nl-BE","@id":"https:\/\/greencottage.be\/nl\/verhuur-seminarie-residentieel-brussel\/#primaryimage","url":"https:\/\/greencottage.be\/wp-content\/uploads\/2018\/02\/greencottage-salle-de-reunion-chambre-d-hote-bruxelles-ae\u0301roport-atomium-heysel-s2-05.jpg","contentUrl":"https:\/\/greencottage.be\/wp-content\/uploads\/2018\/02\/greencottage-salle-de-reunion-chambre-d-hote-bruxelles-ae\u0301roport-atomium-heysel-s2-05.jpg","width":1024,"height":576,"caption":"Greencottage Salle De Reunion Chambre D Hote Bruxelles A\u00e9roport Atomium Heysel"},{"@type":"BreadcrumbList","@id":"https:\/\/greencottage.be\/nl\/verhuur-seminarie-residentieel-brussel\/#breadcrumb","itemListElement":[{"@type":"ListItem","position":1,"name":"Accueil","item":"https:\/\/greencottage.be\/nl\/"},{"@type":"ListItem","position":2,"name":"De Green Cottage"}]},{"@type":"WebSite","@id":"https:\/\/greencottage.be\/nl\/#website","url":"https:\/\/greencottage.be\/nl\/","name":"Green Cottage","description":"Salle de r\u00e9union \/ S\u00e9minaire au vert \u00e0 proximit\u00e9 de Bruxelles","publisher":{"@id":"https:\/\/greencottage.be\/nl\/#organization"},"potentialAction":[{"@type":"SearchAction","target":{"@type":"EntryPoint","urlTemplate":"https:\/\/greencottage.be\/nl\/?s={search_term_string}"},"query-input":{"@type":"PropertyValueSpecification","valueRequired":true,"valueName":"search_term_string"}}],"inLanguage":"nl-BE"},{"@type":"Organization","@id":"https:\/\/greencottage.be\/nl\/#organization","name":"Green Cottage","url":"https:\/\/greencottage.be\/nl\/","logo":{"@type":"ImageObject","inLanguage":"nl-BE","@id":"https:\/\/greencottage.be\/nl\/#\/schema\/logo\/image\/","url":"https:\/\/greencottage.be\/wp-content\/uploads\/2023\/11\/cropped-Greencottage_logo-01.png","contentUrl":"https:\/\/greencottage.be\/wp-content\/uploads\/2023\/11\/cropped-Greencottage_logo-01.png","width":400,"height":302,"caption":"Green Cottage"},"image":{"@id":"https:\/\/greencottage.be\/nl\/#\/schema\/logo\/image\/"},"sameAs":["https:\/\/www.facebook.com\/www.greencottage.be"]}]}},"_links":{"self":[{"href":"https:\/\/greencottage.be\/nl\/wp-json\/wp\/v2\/pages\/893","targetHints":{"allow":["GET"]}}],"collection":[{"href":"https:\/\/greencottage.be\/nl\/wp-json\/wp\/v2\/pages"}],"about":[{"href":"https:\/\/greencottage.be\/nl\/wp-json\/wp\/v2\/types\/page"}],"author":[{"embeddable":true,"href":"https:\/\/greencottage.be\/nl\/wp-json\/wp\/v2\/users\/1"}],"replies":[{"embeddable":true,"href":"https:\/\/greencottage.be\/nl\/wp-json\/wp\/v2\/comments?post=893"}],"version-history":[{"count":2,"href":"https:\/\/greencottage.be\/nl\/wp-json\/wp\/v2\/pages\/893\/revisions"}],"predecessor-version":[{"id":952,"href":"https:\/\/greencottage.be\/nl\/wp-json\/wp\/v2\/pages\/893\/revisions\/952"}],"wp:featuredmedia":[{"embeddable":true,"href":"https:\/\/greencottage.be\/nl\/wp-json\/wp\/v2\/media\/466"}],"wp:attachment":[{"href":"https:\/\/greencottage.be\/nl\/wp-json\/wp\/v2\/media?parent=893"}],"curies":[{"name":"wp","href":"https:\/\/api.w.org\/{rel}","templated":true}]}}