{"id":890,"date":"2018-03-01T03:05:44","date_gmt":"2018-03-01T02:05:44","guid":{"rendered":"https:\/\/greencottage.be\/?page_id=890"},"modified":"2025-09-29T15:06:49","modified_gmt":"2025-09-29T13:06:49","slug":"verhuur-zalen-vergadering-brussel","status":"publish","type":"page","link":"https:\/\/greencottage.be\/nl\/verhuur-zalen-vergadering-brussel\/","title":{"rendered":"Vergaderzalen &#038; sociale ruimtes"},"content":{"rendered":"\n<blockquote class=\"wp-block-quote is-layout-flow wp-block-quote-is-layout-flow\">\n<p>Een open haard structureert en definieert de ruimte tussen de woonkamer en de eetkamer<\/p>\n<\/blockquote>\n\n<p>De lounge is perfect voor een aperitief bij de open haard, en onze bar is gevuld met een assortiment frisdranken en een ruime keuze aan wijnen, whisky en andere sterke dranken.<\/p>\n\n<p>Voor uw vergaderingen, seminars en conferenties hebben we ook de<a href=\"https:\/\/greencottage.be\/fr\/seminaires\/\">Espace Business en verschillende zaalconfiguraties<\/a>.<\/p>\n\n<figure class=\"wp-block-gallery has-nested-images columns-3 is-cropped wp-block-gallery-1 is-layout-flex wp-block-gallery-is-layout-flex\">\n<figure class=\"wp-block-image size-large\"><a href=\"https:\/\/greencottage.be\/wp-content\/uploads\/2020\/09\/Team-building-original-creation-de-cocktail-&#xE0;-Bruxelles.jpg\"><img decoding=\"async\" data-id=\"2649\" src=\"https:\/\/greencottage.be\/wp-content\/uploads\/2020\/09\/Team-building-original-creation-de-cocktail-a&#x300;-Bruxelles-683x1024.jpg\" alt=\"Team building original creation de cocktail a&#x300; Bruxelles\" class=\"wp-image-2649\"\/><\/a><\/figure>\n\n\n\n<figure class=\"wp-block-image size-large\"><a href=\"https:\/\/greencottage.be\/wp-content\/uploads\/2020\/09\/Salles-vari&#xE9;es-pour-lorganisation-de-s&#xE9;minaire-&#xE0;-la-campagne-en-Belgique.jpg\"><img decoding=\"async\" data-id=\"2648\" src=\"https:\/\/greencottage.be\/wp-content\/uploads\/2020\/09\/Salles-varie&#x301;es-pour-lorganisation-de-se&#x301;minaire-a&#x300;-la-campagne-en-Belgique-685x1024.jpg\" alt=\"Diverse zalen voor het organiseren van seminars op het platteland van Belgi&#xEB;\" class=\"wp-image-2648\"\/><\/a><\/figure>\n\n\n\n<figure class=\"wp-block-image size-large\"><a href=\"https:\/\/greencottage.be\/wp-content\/uploads\/2020\/09\/Salles-de-r&#xE9;union-cosy-&#xE0;-Bruxelles.jpg\"><img decoding=\"async\" data-id=\"2647\" src=\"https:\/\/greencottage.be\/wp-content\/uploads\/2020\/09\/Salles-de-re&#x301;union-cosy-a&#x300;-Bruxelles-1024x683.jpg\" alt=\"Gezellige vergaderzalen in Brussel\" class=\"wp-image-2647\"\/><\/a><\/figure>\n\n\n\n<figure class=\"wp-block-image size-large\"><a href=\"https:\/\/greencottage.be\/wp-content\/uploads\/2020\/09\/Salle-de-s&#xE9;minaire-originale-proche-de-Bruxelles.jpg\"><img decoding=\"async\" data-id=\"2646\" src=\"https:\/\/greencottage.be\/wp-content\/uploads\/2020\/09\/Salle-de-se&#x301;minaire-originale-proche-de-Bruxelles-682x1024.jpg\" alt=\"Originele seminarieruimte bij Brussel\" class=\"wp-image-2646\"\/><\/a><\/figure>\n\n\n\n<figure class=\"wp-block-image size-large\"><a href=\"https:\/\/greencottage.be\/wp-content\/uploads\/2020\/09\/Endroit-unique-pour-lorganisation-de-s&#xE9;minaires-proche-de-Bruxelles.jpg\"><img decoding=\"async\" data-id=\"2645\" src=\"https:\/\/greencottage.be\/wp-content\/uploads\/2020\/09\/Endroit-unique-pour-lorganisation-de-se&#x301;minaires-proche-de-Bruxelles-1024x683.jpg\" alt=\"Een unieke locatie voor seminars in de buurt van Brussel\" class=\"wp-image-2645\"\/><\/a><\/figure>\n\n\n\n<figure class=\"wp-block-image size-large\"><a href=\"https:\/\/greencottage.be\/wp-content\/uploads\/2020\/09\/Endroit-chaleureux-pour-s&#xE9;minaire-r&#xE9;sidentiel.jpg\"><img decoding=\"async\" data-id=\"2644\" src=\"https:\/\/greencottage.be\/wp-content\/uploads\/2020\/09\/Endroit-chaleureux-pour-se&#x301;minaire-re&#x301;sidentiel-1024x683.jpg\" alt=\"Gezellige locatie voor residentieel seminarie\" class=\"wp-image-2644\"\/><\/a><\/figure>\n\n\n\n<figure class=\"wp-block-image size-large\"><a href=\"https:\/\/greencottage.be\/wp-content\/uploads\/2020\/09\/Activit&#xE9;-team-building-de-d&#xE9;gustation.jpg\"><img decoding=\"async\" data-id=\"2643\" src=\"https:\/\/greencottage.be\/wp-content\/uploads\/2020\/09\/Activite&#x301;-team-building-de-de&#x301;gustation-1024x630.jpg\" alt=\"Teambuilding proeverij\" class=\"wp-image-2643\"\/><\/a><\/figure>\n<\/figure>\n","protected":false},"excerpt":{"rendered":"<p>Een open haard structureert en definieert de ruimte tussen de woonkamer en de eetkamer De lounge is perfect voor een aperitief bij de open haard, en onze bar is gevuld met een assortiment frisdranken en een ruime keuze aan wijnen, whisky en andere sterke dranken. Voor uw vergaderingen, seminars en conferenties hebben we ook deEspace [&hellip;]<\/p>\n","protected":false},"author":1,"featured_media":579,"parent":0,"menu_order":0,"comment_status":"closed","ping_status":"closed","template":"","meta":{"_genesis_hide_title":false,"_genesis_hide_breadcrumbs":false,"_genesis_hide_singular_image":false,"_genesis_hide_footer_widgets":false,"_genesis_custom_body_class":"","_genesis_custom_post_class":"","_genesis_layout":"","footnotes":""},"class_list":{"0":"post-890","1":"page","2":"type-page","3":"status-publish","4":"has-post-thumbnail","6":"entry"},"yoast_head":"<!-- This site is optimized with the Yoast SEO plugin v27.5 - https:\/\/yoast.com\/product\/yoast-seo-wordpress\/ -->\n<title>Verhuur van vergader- en seminarieruimtes<\/title>\n<meta name=\"description\" content=\"Huur een volledig uitgeruste vergaderruimte. Een rustige, vriendelijke plek om te werken. Perfecte organisatie van hoge kwaliteit. Een plek om te werken en te ontspannen.\" \/>\n<meta name=\"robots\" content=\"index, follow, max-snippet:-1, max-image-preview:large, max-video-preview:-1\" \/>\n<link rel=\"canonical\" href=\"https:\/\/greencottage.be\/nl\/verhuur-zalen-vergadering-brussel\/\" \/>\n<meta property=\"og:locale\" content=\"nl_BE\" \/>\n<meta property=\"og:type\" content=\"article\" \/>\n<meta property=\"og:title\" content=\"Verhuur van vergader- en seminarieruimtes\" \/>\n<meta property=\"og:description\" content=\"Huur een volledig uitgeruste vergaderruimte. Een rustige, vriendelijke plek om te werken. Perfecte organisatie van hoge kwaliteit. Een plek om te werken en te ontspannen.\" \/>\n<meta property=\"og:url\" content=\"https:\/\/greencottage.be\/nl\/verhuur-zalen-vergadering-brussel\/\" \/>\n<meta property=\"og:site_name\" content=\"Green Cottage\" \/>\n<meta property=\"article:publisher\" content=\"https:\/\/www.facebook.com\/www.greencottage.be\" \/>\n<meta property=\"article:modified_time\" content=\"2025-09-29T13:06:49+00:00\" \/>\n<meta property=\"og:image\" content=\"https:\/\/greencottage.be\/wp-content\/uploads\/2018\/02\/greencottage-chambre-d-hotes-bed-and-breakfast-bruxelles-aeroport-atomium-heysel-_10.jpg\" \/>\n\t<meta property=\"og:image:width\" content=\"1024\" \/>\n\t<meta property=\"og:image:height\" content=\"683\" \/>\n\t<meta property=\"og:image:type\" content=\"image\/jpeg\" \/>\n<meta name=\"twitter:card\" content=\"summary_large_image\" \/>\n<meta name=\"twitter:label1\" content=\"Geschatte leestijd\" \/>\n\t<meta name=\"twitter:data1\" content=\"2 minutes\" \/>\n<script type=\"application\/ld+json\" class=\"yoast-schema-graph\">{\"@context\":\"https:\\\/\\\/schema.org\",\"@graph\":[{\"@type\":\"WebPage\",\"@id\":\"https:\\\/\\\/greencottage.be\\\/nl\\\/verhuur-zalen-vergadering-brussel\\\/\",\"url\":\"https:\\\/\\\/greencottage.be\\\/nl\\\/verhuur-zalen-vergadering-brussel\\\/\",\"name\":\"Verhuur van vergader- en seminarieruimtes\",\"isPartOf\":{\"@id\":\"https:\\\/\\\/greencottage.be\\\/nl\\\/#website\"},\"primaryImageOfPage\":{\"@id\":\"https:\\\/\\\/greencottage.be\\\/nl\\\/verhuur-zalen-vergadering-brussel\\\/#primaryimage\"},\"image\":{\"@id\":\"https:\\\/\\\/greencottage.be\\\/nl\\\/verhuur-zalen-vergadering-brussel\\\/#primaryimage\"},\"thumbnailUrl\":\"https:\\\/\\\/greencottage.be\\\/wp-content\\\/uploads\\\/2018\\\/02\\\/greencottage-chambre-d-hotes-bed-and-breakfast-bruxelles-aeroport-atomium-heysel-_10.jpg\",\"datePublished\":\"2018-03-01T02:05:44+00:00\",\"dateModified\":\"2025-09-29T13:06:49+00:00\",\"description\":\"Huur een volledig uitgeruste vergaderruimte. Een rustige, vriendelijke plek om te werken. Perfecte organisatie van hoge kwaliteit. Een plek om te werken en te ontspannen.\",\"breadcrumb\":{\"@id\":\"https:\\\/\\\/greencottage.be\\\/nl\\\/verhuur-zalen-vergadering-brussel\\\/#breadcrumb\"},\"inLanguage\":\"nl-BE\",\"potentialAction\":[{\"@type\":\"ReadAction\",\"target\":[\"https:\\\/\\\/greencottage.be\\\/nl\\\/verhuur-zalen-vergadering-brussel\\\/\"]}]},{\"@type\":\"ImageObject\",\"inLanguage\":\"nl-BE\",\"@id\":\"https:\\\/\\\/greencottage.be\\\/nl\\\/verhuur-zalen-vergadering-brussel\\\/#primaryimage\",\"url\":\"https:\\\/\\\/greencottage.be\\\/wp-content\\\/uploads\\\/2018\\\/02\\\/greencottage-chambre-d-hotes-bed-and-breakfast-bruxelles-aeroport-atomium-heysel-_10.jpg\",\"contentUrl\":\"https:\\\/\\\/greencottage.be\\\/wp-content\\\/uploads\\\/2018\\\/02\\\/greencottage-chambre-d-hotes-bed-and-breakfast-bruxelles-aeroport-atomium-heysel-_10.jpg\",\"width\":1024,\"height\":683,\"caption\":\"Greencottage Chambre D Hotes Bed And Breakfast Bruxelles Aeroport Atomium Heysel\"},{\"@type\":\"BreadcrumbList\",\"@id\":\"https:\\\/\\\/greencottage.be\\\/nl\\\/verhuur-zalen-vergadering-brussel\\\/#breadcrumb\",\"itemListElement\":[{\"@type\":\"ListItem\",\"position\":1,\"name\":\"Accueil\",\"item\":\"https:\\\/\\\/greencottage.be\\\/nl\\\/\"},{\"@type\":\"ListItem\",\"position\":2,\"name\":\"Vergaderzalen &#038; sociale ruimtes\"}]},{\"@type\":\"WebSite\",\"@id\":\"https:\\\/\\\/greencottage.be\\\/nl\\\/#website\",\"url\":\"https:\\\/\\\/greencottage.be\\\/nl\\\/\",\"name\":\"Green Cottage\",\"description\":\"Salle de r\u00e9union \\\/ S\u00e9minaire au vert \u00e0 proximit\u00e9 de Bruxelles\",\"publisher\":{\"@id\":\"https:\\\/\\\/greencottage.be\\\/nl\\\/#organization\"},\"potentialAction\":[{\"@type\":\"SearchAction\",\"target\":{\"@type\":\"EntryPoint\",\"urlTemplate\":\"https:\\\/\\\/greencottage.be\\\/nl\\\/?s={search_term_string}\"},\"query-input\":{\"@type\":\"PropertyValueSpecification\",\"valueRequired\":true,\"valueName\":\"search_term_string\"}}],\"inLanguage\":\"nl-BE\"},{\"@type\":\"Organization\",\"@id\":\"https:\\\/\\\/greencottage.be\\\/nl\\\/#organization\",\"name\":\"Green Cottage\",\"url\":\"https:\\\/\\\/greencottage.be\\\/nl\\\/\",\"logo\":{\"@type\":\"ImageObject\",\"inLanguage\":\"nl-BE\",\"@id\":\"https:\\\/\\\/greencottage.be\\\/nl\\\/#\\\/schema\\\/logo\\\/image\\\/\",\"url\":\"https:\\\/\\\/greencottage.be\\\/wp-content\\\/uploads\\\/2023\\\/11\\\/cropped-Greencottage_logo-01.png\",\"contentUrl\":\"https:\\\/\\\/greencottage.be\\\/wp-content\\\/uploads\\\/2023\\\/11\\\/cropped-Greencottage_logo-01.png\",\"width\":400,\"height\":302,\"caption\":\"Green Cottage\"},\"image\":{\"@id\":\"https:\\\/\\\/greencottage.be\\\/nl\\\/#\\\/schema\\\/logo\\\/image\\\/\"},\"sameAs\":[\"https:\\\/\\\/www.facebook.com\\\/www.greencottage.be\"]}]}<\/script>\n<!-- \/ Yoast SEO plugin. -->","yoast_head_json":{"title":"Verhuur van vergader- en seminarieruimtes","description":"Huur een volledig uitgeruste vergaderruimte. Een rustige, vriendelijke plek om te werken. Perfecte organisatie van hoge kwaliteit. Een plek om te werken en te ontspannen.","robots":{"index":"index","follow":"follow","max-snippet":"max-snippet:-1","max-image-preview":"max-image-preview:large","max-video-preview":"max-video-preview:-1"},"canonical":"https:\/\/greencottage.be\/nl\/verhuur-zalen-vergadering-brussel\/","og_locale":"nl_BE","og_type":"article","og_title":"Verhuur van vergader- en seminarieruimtes","og_description":"Huur een volledig uitgeruste vergaderruimte. Een rustige, vriendelijke plek om te werken. Perfecte organisatie van hoge kwaliteit. Een plek om te werken en te ontspannen.","og_url":"https:\/\/greencottage.be\/nl\/verhuur-zalen-vergadering-brussel\/","og_site_name":"Green Cottage","article_publisher":"https:\/\/www.facebook.com\/www.greencottage.be","article_modified_time":"2025-09-29T13:06:49+00:00","og_image":[{"width":1024,"height":683,"url":"https:\/\/greencottage.be\/wp-content\/uploads\/2018\/02\/greencottage-chambre-d-hotes-bed-and-breakfast-bruxelles-aeroport-atomium-heysel-_10.jpg","type":"image\/jpeg"}],"twitter_card":"summary_large_image","twitter_misc":{"Geschatte leestijd":"2 minutes"},"schema":{"@context":"https:\/\/schema.org","@graph":[{"@type":"WebPage","@id":"https:\/\/greencottage.be\/nl\/verhuur-zalen-vergadering-brussel\/","url":"https:\/\/greencottage.be\/nl\/verhuur-zalen-vergadering-brussel\/","name":"Verhuur van vergader- en seminarieruimtes","isPartOf":{"@id":"https:\/\/greencottage.be\/nl\/#website"},"primaryImageOfPage":{"@id":"https:\/\/greencottage.be\/nl\/verhuur-zalen-vergadering-brussel\/#primaryimage"},"image":{"@id":"https:\/\/greencottage.be\/nl\/verhuur-zalen-vergadering-brussel\/#primaryimage"},"thumbnailUrl":"https:\/\/greencottage.be\/wp-content\/uploads\/2018\/02\/greencottage-chambre-d-hotes-bed-and-breakfast-bruxelles-aeroport-atomium-heysel-_10.jpg","datePublished":"2018-03-01T02:05:44+00:00","dateModified":"2025-09-29T13:06:49+00:00","description":"Huur een volledig uitgeruste vergaderruimte. Een rustige, vriendelijke plek om te werken. Perfecte organisatie van hoge kwaliteit. Een plek om te werken en te ontspannen.","breadcrumb":{"@id":"https:\/\/greencottage.be\/nl\/verhuur-zalen-vergadering-brussel\/#breadcrumb"},"inLanguage":"nl-BE","potentialAction":[{"@type":"ReadAction","target":["https:\/\/greencottage.be\/nl\/verhuur-zalen-vergadering-brussel\/"]}]},{"@type":"ImageObject","inLanguage":"nl-BE","@id":"https:\/\/greencottage.be\/nl\/verhuur-zalen-vergadering-brussel\/#primaryimage","url":"https:\/\/greencottage.be\/wp-content\/uploads\/2018\/02\/greencottage-chambre-d-hotes-bed-and-breakfast-bruxelles-aeroport-atomium-heysel-_10.jpg","contentUrl":"https:\/\/greencottage.be\/wp-content\/uploads\/2018\/02\/greencottage-chambre-d-hotes-bed-and-breakfast-bruxelles-aeroport-atomium-heysel-_10.jpg","width":1024,"height":683,"caption":"Greencottage Chambre D Hotes Bed And Breakfast Bruxelles Aeroport Atomium Heysel"},{"@type":"BreadcrumbList","@id":"https:\/\/greencottage.be\/nl\/verhuur-zalen-vergadering-brussel\/#breadcrumb","itemListElement":[{"@type":"ListItem","position":1,"name":"Accueil","item":"https:\/\/greencottage.be\/nl\/"},{"@type":"ListItem","position":2,"name":"Vergaderzalen &#038; sociale ruimtes"}]},{"@type":"WebSite","@id":"https:\/\/greencottage.be\/nl\/#website","url":"https:\/\/greencottage.be\/nl\/","name":"Green Cottage","description":"Salle de r\u00e9union \/ S\u00e9minaire au vert \u00e0 proximit\u00e9 de Bruxelles","publisher":{"@id":"https:\/\/greencottage.be\/nl\/#organization"},"potentialAction":[{"@type":"SearchAction","target":{"@type":"EntryPoint","urlTemplate":"https:\/\/greencottage.be\/nl\/?s={search_term_string}"},"query-input":{"@type":"PropertyValueSpecification","valueRequired":true,"valueName":"search_term_string"}}],"inLanguage":"nl-BE"},{"@type":"Organization","@id":"https:\/\/greencottage.be\/nl\/#organization","name":"Green Cottage","url":"https:\/\/greencottage.be\/nl\/","logo":{"@type":"ImageObject","inLanguage":"nl-BE","@id":"https:\/\/greencottage.be\/nl\/#\/schema\/logo\/image\/","url":"https:\/\/greencottage.be\/wp-content\/uploads\/2023\/11\/cropped-Greencottage_logo-01.png","contentUrl":"https:\/\/greencottage.be\/wp-content\/uploads\/2023\/11\/cropped-Greencottage_logo-01.png","width":400,"height":302,"caption":"Green Cottage"},"image":{"@id":"https:\/\/greencottage.be\/nl\/#\/schema\/logo\/image\/"},"sameAs":["https:\/\/www.facebook.com\/www.greencottage.be"]}]}},"_links":{"self":[{"href":"https:\/\/greencottage.be\/nl\/wp-json\/wp\/v2\/pages\/890","targetHints":{"allow":["GET"]}}],"collection":[{"href":"https:\/\/greencottage.be\/nl\/wp-json\/wp\/v2\/pages"}],"about":[{"href":"https:\/\/greencottage.be\/nl\/wp-json\/wp\/v2\/types\/page"}],"author":[{"embeddable":true,"href":"https:\/\/greencottage.be\/nl\/wp-json\/wp\/v2\/users\/1"}],"replies":[{"embeddable":true,"href":"https:\/\/greencottage.be\/nl\/wp-json\/wp\/v2\/comments?post=890"}],"version-history":[{"count":8,"href":"https:\/\/greencottage.be\/nl\/wp-json\/wp\/v2\/pages\/890\/revisions"}],"predecessor-version":[{"id":7559,"href":"https:\/\/greencottage.be\/nl\/wp-json\/wp\/v2\/pages\/890\/revisions\/7559"}],"wp:featuredmedia":[{"embeddable":true,"href":"https:\/\/greencottage.be\/nl\/wp-json\/wp\/v2\/media\/579"}],"wp:attachment":[{"href":"https:\/\/greencottage.be\/nl\/wp-json\/wp\/v2\/media?parent=890"}],"curies":[{"name":"wp","href":"https:\/\/api.w.org\/{rel}","templated":true}]}}