{"id":877,"date":"2018-03-01T02:58:00","date_gmt":"2018-03-01T01:58:00","guid":{"rendered":"https:\/\/greencottage.be\/?page_id=877"},"modified":"2023-06-23T10:28:49","modified_gmt":"2023-06-23T08:28:49","slug":"seminarie-teambuilding-residentieel-in-het-groen","status":"publish","type":"page","link":"https:\/\/greencottage.be\/nl\/seminarie-teambuilding-residentieel-in-het-groen\/","title":{"rendered":"Kamers"},"content":{"rendered":"\n<blockquote class=\"wp-block-quote is-layout-flow wp-block-quote-is-layout-flow\">\n<p>Charmante en comfortabele kamers van hoge kwaliteit.<\/p>\n<\/blockquote>\n\n\n\n<p>Ons gastenhuis beschikt over 8 junior suites waarvan twee met aangepaste toegang en faciliteiten voor mindervaliden.<\/p>\n\n\n\n<p>De kamers zijn geluiddicht en beschikken over een gevulde minibar.<\/p>\n\n\n\n<figure class=\"wp-block-gallery has-nested-images columns-3 is-cropped wp-block-gallery-1 is-layout-flex wp-block-gallery-is-layout-flex\">\n<figure class=\"wp-block-image size-large\"><a href=\"https:\/\/greencottage.be\/wp-content\/uploads\/2020\/09\/Seminaries-en-teambuildingactiviteiten-met-bed-and-breakfast-in-de-buurt-van-Brussel-1024x682.jpg\"><img loading=\"lazy\" decoding=\"async\" width=\"1024\" height=\"682\" data-id=\"2620\" src=\"https:\/\/greencottage.be\/wp-content\/uploads\/2020\/09\/Seminaries-en-teambuildingactiviteiten-met-bed-and-breakfast-in-de-buurt-van-Brussel-1024x682.jpg\" alt=\"Seminaries en teambuildingactiviteiten met bed and breakfast in de buurt van Brussel\" class=\"wp-image-2620\" srcset=\"https:\/\/greencottage.be\/wp-content\/uploads\/2020\/09\/Seminaries-en-teambuildingactiviteiten-met-bed-and-breakfast-in-de-buurt-van-Brussel-1024x682.jpg 1024w, https:\/\/greencottage.be\/wp-content\/uploads\/2020\/09\/Seminaries-en-teambuildingactiviteiten-met-bed-and-breakfast-in-de-buurt-van-Brussel-600x400.jpg 600w, https:\/\/greencottage.be\/wp-content\/uploads\/2020\/09\/Seminaries-en-teambuildingactiviteiten-met-bed-and-breakfast-in-de-buurt-van-Brussel-768x512.jpg 768w, https:\/\/greencottage.be\/wp-content\/uploads\/2020\/09\/Seminaries-en-teambuildingactiviteiten-met-bed-and-breakfast-in-de-buurt-van-Brussel-1536x1023.jpg 1536w, https:\/\/greencottage.be\/wp-content\/uploads\/2020\/09\/Seminaries-en-teambuildingactiviteiten-met-bed-and-breakfast-in-de-buurt-van-Brussel-1200x800.jpg 1200w, https:\/\/greencottage.be\/wp-content\/uploads\/2020\/09\/Seminaries-en-teambuildingactiviteiten-met-bed-and-breakfast-in-de-buurt-van-Brussel-300x200.jpg 300w, https:\/\/greencottage.be\/wp-content\/uploads\/2020\/09\/Seminaries-en-teambuildingactiviteiten-met-bed-and-breakfast-in-de-buurt-van-Brussel.jpg 1621w\" sizes=\"auto, (max-width: 1024px) 100vw, 1024px\" \/><\/a><\/figure>\n\n\n\n<figure class=\"wp-block-image size-large\"><a href=\"https:\/\/greencottage.be\/wp-content\/uploads\/2020\/09\/Seminarieplaats-met-accommodatie-in-Brussel-1024x699.jpg\"><img loading=\"lazy\" decoding=\"async\" width=\"1024\" height=\"699\" data-id=\"2619\" src=\"https:\/\/greencottage.be\/wp-content\/uploads\/2020\/09\/Seminarieplaats-met-accommodatie-in-Brussel-1024x699.jpg\" alt=\"Seminarieplaats met accommodatie in Brussel\" class=\"wp-image-2619\" srcset=\"https:\/\/greencottage.be\/wp-content\/uploads\/2020\/09\/Seminarieplaats-met-accommodatie-in-Brussel-1024x699.jpg 1024w, https:\/\/greencottage.be\/wp-content\/uploads\/2020\/09\/Seminarieplaats-met-accommodatie-in-Brussel-600x410.jpg 600w, https:\/\/greencottage.be\/wp-content\/uploads\/2020\/09\/Seminarieplaats-met-accommodatie-in-Brussel-768x524.jpg 768w, https:\/\/greencottage.be\/wp-content\/uploads\/2020\/09\/Seminarieplaats-met-accommodatie-in-Brussel-1536x1049.jpg 1536w, https:\/\/greencottage.be\/wp-content\/uploads\/2020\/09\/Seminarieplaats-met-accommodatie-in-Brussel-1200x819.jpg 1200w, https:\/\/greencottage.be\/wp-content\/uploads\/2020\/09\/Seminarieplaats-met-accommodatie-in-Brussel-300x205.jpg 300w, https:\/\/greencottage.be\/wp-content\/uploads\/2020\/09\/Seminarieplaats-met-accommodatie-in-Brussel.jpg 1582w\" sizes=\"auto, (max-width: 1024px) 100vw, 1024px\" \/><\/a><\/figure>\n\n\n\n<figure class=\"wp-block-image size-large\"><a href=\"https:\/\/greencottage.be\/wp-content\/uploads\/2020\/09\/Seminarie-met-bed-and-breakfast-voor-bedrijven-1024x683.jpg\"><img loading=\"lazy\" decoding=\"async\" width=\"1024\" height=\"683\" data-id=\"2618\" src=\"https:\/\/greencottage.be\/wp-content\/uploads\/2020\/09\/Seminarie-met-bed-and-breakfast-voor-bedrijven-1024x683.jpg\" alt=\"Seminarie met bed and breakfast voor bedrijven\" class=\"wp-image-2618\" srcset=\"https:\/\/greencottage.be\/wp-content\/uploads\/2020\/09\/Seminarie-met-bed-and-breakfast-voor-bedrijven-1024x683.jpg 1024w, https:\/\/greencottage.be\/wp-content\/uploads\/2020\/09\/Seminarie-met-bed-and-breakfast-voor-bedrijven-600x400.jpg 600w, https:\/\/greencottage.be\/wp-content\/uploads\/2020\/09\/Seminarie-met-bed-and-breakfast-voor-bedrijven-768x512.jpg 768w, https:\/\/greencottage.be\/wp-content\/uploads\/2020\/09\/Seminarie-met-bed-and-breakfast-voor-bedrijven-1536x1024.jpg 1536w, https:\/\/greencottage.be\/wp-content\/uploads\/2020\/09\/Seminarie-met-bed-and-breakfast-voor-bedrijven-1200x800.jpg 1200w, https:\/\/greencottage.be\/wp-content\/uploads\/2020\/09\/Seminarie-met-bed-and-breakfast-voor-bedrijven-300x200.jpg 300w, https:\/\/greencottage.be\/wp-content\/uploads\/2020\/09\/Seminarie-met-bed-and-breakfast-voor-bedrijven.jpg 1620w\" sizes=\"auto, (max-width: 1024px) 100vw, 1024px\" \/><\/a><\/figure>\n\n\n\n<figure class=\"wp-block-image size-large\"><a href=\"https:\/\/greencottage.be\/wp-content\/uploads\/2020\/09\/Seminarie-met-bed-and-breakfast-in-Brussel-1024x682.jpg\"><img loading=\"lazy\" decoding=\"async\" width=\"1024\" height=\"682\" data-id=\"2617\" src=\"https:\/\/greencottage.be\/wp-content\/uploads\/2020\/09\/Seminarie-met-bed-and-breakfast-in-Brussel-1024x682.jpg\" alt=\"Seminarie met bed and breakfast in Brussel\" class=\"wp-image-2617\" srcset=\"https:\/\/greencottage.be\/wp-content\/uploads\/2020\/09\/Seminarie-met-bed-and-breakfast-in-Brussel-1024x682.jpg 1024w, https:\/\/greencottage.be\/wp-content\/uploads\/2020\/09\/Seminarie-met-bed-and-breakfast-in-Brussel-600x400.jpg 600w, https:\/\/greencottage.be\/wp-content\/uploads\/2020\/09\/Seminarie-met-bed-and-breakfast-in-Brussel-768x511.jpg 768w, https:\/\/greencottage.be\/wp-content\/uploads\/2020\/09\/Seminarie-met-bed-and-breakfast-in-Brussel-1536x1023.jpg 1536w, https:\/\/greencottage.be\/wp-content\/uploads\/2020\/09\/Seminarie-met-bed-and-breakfast-in-Brussel-1200x799.jpg 1200w, https:\/\/greencottage.be\/wp-content\/uploads\/2020\/09\/Seminarie-met-bed-and-breakfast-in-Brussel-300x200.jpg 300w, https:\/\/greencottage.be\/wp-content\/uploads\/2020\/09\/Seminarie-met-bed-and-breakfast-in-Brussel.jpg 1622w\" sizes=\"auto, (max-width: 1024px) 100vw, 1024px\" \/><\/a><\/figure>\n\n\n\n<figure class=\"wp-block-image size-large\"><a href=\"https:\/\/greencottage.be\/wp-content\/uploads\/2020\/09\/Residentie\u0308le-seminaries-met-verschillende-ruimtes-in-Brussel-1024x683.jpg\"><img loading=\"lazy\" decoding=\"async\" width=\"1024\" height=\"683\" data-id=\"2616\" src=\"https:\/\/greencottage.be\/wp-content\/uploads\/2020\/09\/Residentie\u0308le-seminaries-met-verschillende-ruimtes-in-Brussel-1024x683.jpg\" alt=\"Residentie\u0308le seminaries met verschillende ruimtes in Brussel\" class=\"wp-image-2616\" srcset=\"https:\/\/greencottage.be\/wp-content\/uploads\/2020\/09\/Residentie\u0308le-seminaries-met-verschillende-ruimtes-in-Brussel-1024x683.jpg 1024w, https:\/\/greencottage.be\/wp-content\/uploads\/2020\/09\/Residentie\u0308le-seminaries-met-verschillende-ruimtes-in-Brussel-600x400.jpg 600w, https:\/\/greencottage.be\/wp-content\/uploads\/2020\/09\/Residentie\u0308le-seminaries-met-verschillende-ruimtes-in-Brussel-768x512.jpg 768w, https:\/\/greencottage.be\/wp-content\/uploads\/2020\/09\/Residentie\u0308le-seminaries-met-verschillende-ruimtes-in-Brussel-1536x1024.jpg 1536w, https:\/\/greencottage.be\/wp-content\/uploads\/2020\/09\/Residentie\u0308le-seminaries-met-verschillende-ruimtes-in-Brussel-1200x800.jpg 1200w, https:\/\/greencottage.be\/wp-content\/uploads\/2020\/09\/Residentie\u0308le-seminaries-met-verschillende-ruimtes-in-Brussel.jpg 1620w\" sizes=\"auto, (max-width: 1024px) 100vw, 1024px\" \/><\/a><\/figure>\n\n\n\n<figure class=\"wp-block-image size-large\"><a href=\"https:\/\/greencottage.be\/wp-content\/uploads\/2020\/09\/Residentieel-seminarie-met-accommodatie-op-het-platteland-copie-1024x683.jpg\"><img loading=\"lazy\" decoding=\"async\" width=\"1024\" height=\"683\" data-id=\"2615\" src=\"https:\/\/greencottage.be\/wp-content\/uploads\/2020\/09\/Residentieel-seminarie-met-accommodatie-op-het-platteland-copie-1024x683.jpg\" alt=\"Residentieel seminarie met accommodatie op het platteland copie\" class=\"wp-image-2615\" srcset=\"https:\/\/greencottage.be\/wp-content\/uploads\/2020\/09\/Residentieel-seminarie-met-accommodatie-op-het-platteland-copie-1024x683.jpg 1024w, https:\/\/greencottage.be\/wp-content\/uploads\/2020\/09\/Residentieel-seminarie-met-accommodatie-op-het-platteland-copie-600x400.jpg 600w, https:\/\/greencottage.be\/wp-content\/uploads\/2020\/09\/Residentieel-seminarie-met-accommodatie-op-het-platteland-copie-768x512.jpg 768w, https:\/\/greencottage.be\/wp-content\/uploads\/2020\/09\/Residentieel-seminarie-met-accommodatie-op-het-platteland-copie-1536x1025.jpg 1536w, https:\/\/greencottage.be\/wp-content\/uploads\/2020\/09\/Residentieel-seminarie-met-accommodatie-op-het-platteland-copie-1200x800.jpg 1200w, https:\/\/greencottage.be\/wp-content\/uploads\/2020\/09\/Residentieel-seminarie-met-accommodatie-op-het-platteland-copie-300x200.jpg 300w, https:\/\/greencottage.be\/wp-content\/uploads\/2020\/09\/Residentieel-seminarie-met-accommodatie-op-het-platteland-copie.jpg 1619w\" sizes=\"auto, (max-width: 1024px) 100vw, 1024px\" \/><\/a><\/figure>\n\n\n\n<figure class=\"wp-block-image size-large\"><a href=\"https:\/\/greencottage.be\/wp-content\/uploads\/2020\/09\/Residentieel-seminarie-in-de-buurt-van-Brussel-met-luxueuze-kamers-1024x682.jpg\"><img loading=\"lazy\" decoding=\"async\" width=\"1024\" height=\"682\" data-id=\"2614\" src=\"https:\/\/greencottage.be\/wp-content\/uploads\/2020\/09\/Residentieel-seminarie-in-de-buurt-van-Brussel-met-luxueuze-kamers-1024x682.jpg\" alt=\"Residentieel seminarie in de buurt van Brussel met luxueuze kamers\" class=\"wp-image-2614\" srcset=\"https:\/\/greencottage.be\/wp-content\/uploads\/2020\/09\/Residentieel-seminarie-in-de-buurt-van-Brussel-met-luxueuze-kamers-1024x682.jpg 1024w, https:\/\/greencottage.be\/wp-content\/uploads\/2020\/09\/Residentieel-seminarie-in-de-buurt-van-Brussel-met-luxueuze-kamers-600x400.jpg 600w, https:\/\/greencottage.be\/wp-content\/uploads\/2020\/09\/Residentieel-seminarie-in-de-buurt-van-Brussel-met-luxueuze-kamers-768x511.jpg 768w, https:\/\/greencottage.be\/wp-content\/uploads\/2020\/09\/Residentieel-seminarie-in-de-buurt-van-Brussel-met-luxueuze-kamers-1536x1023.jpg 1536w, https:\/\/greencottage.be\/wp-content\/uploads\/2020\/09\/Residentieel-seminarie-in-de-buurt-van-Brussel-met-luxueuze-kamers-1200x799.jpg 1200w, https:\/\/greencottage.be\/wp-content\/uploads\/2020\/09\/Residentieel-seminarie-in-de-buurt-van-Brussel-met-luxueuze-kamers-300x200.jpg 300w, https:\/\/greencottage.be\/wp-content\/uploads\/2020\/09\/Residentieel-seminarie-in-de-buurt-van-Brussel-met-luxueuze-kamers.jpg 1622w\" sizes=\"auto, (max-width: 1024px) 100vw, 1024px\" \/><\/a><\/figure>\n\n\n\n<figure class=\"wp-block-image size-large\"><a href=\"https:\/\/greencottage.be\/wp-content\/uploads\/2020\/09\/Plaats-voor-seminaries-in-Brussel-met-accommodatie-682x1024.jpg\"><img loading=\"lazy\" decoding=\"async\" width=\"682\" height=\"1024\" data-id=\"2613\" src=\"https:\/\/greencottage.be\/wp-content\/uploads\/2020\/09\/Plaats-voor-seminaries-in-Brussel-met-accommodatie-682x1024.jpg\" alt=\"Plaats voor seminaries in Brussel met accommodatie\" class=\"wp-image-2613\" srcset=\"https:\/\/greencottage.be\/wp-content\/uploads\/2020\/09\/Plaats-voor-seminaries-in-Brussel-met-accommodatie-682x1024.jpg 682w, https:\/\/greencottage.be\/wp-content\/uploads\/2020\/09\/Plaats-voor-seminaries-in-Brussel-met-accommodatie-399x600.jpg 399w, https:\/\/greencottage.be\/wp-content\/uploads\/2020\/09\/Plaats-voor-seminaries-in-Brussel-met-accommodatie-200x300.jpg 200w, https:\/\/greencottage.be\/wp-content\/uploads\/2020\/09\/Plaats-voor-seminaries-in-Brussel-met-accommodatie.jpg 719w\" sizes=\"auto, (max-width: 682px) 100vw, 682px\" \/><\/a><\/figure>\n\n\n\n<figure class=\"wp-block-image size-large\"><a href=\"https:\/\/greencottage.be\/wp-content\/uploads\/2020\/09\/Plaats-om-residentie\u0308le-seminaries-te-organiseren-in-de-buurt-van-Brussel-1024x683.jpg\"><img loading=\"lazy\" decoding=\"async\" width=\"1024\" height=\"683\" data-id=\"2612\" src=\"https:\/\/greencottage.be\/wp-content\/uploads\/2020\/09\/Plaats-om-residentie\u0308le-seminaries-te-organiseren-in-de-buurt-van-Brussel-1024x683.jpg\" alt=\"Plaats om residentie\u0308le seminaries te organiseren in de buurt van Brussel\" class=\"wp-image-2612\" srcset=\"https:\/\/greencottage.be\/wp-content\/uploads\/2020\/09\/Plaats-om-residentie\u0308le-seminaries-te-organiseren-in-de-buurt-van-Brussel-1024x683.jpg 1024w, https:\/\/greencottage.be\/wp-content\/uploads\/2020\/09\/Plaats-om-residentie\u0308le-seminaries-te-organiseren-in-de-buurt-van-Brussel-600x400.jpg 600w, https:\/\/greencottage.be\/wp-content\/uploads\/2020\/09\/Plaats-om-residentie\u0308le-seminaries-te-organiseren-in-de-buurt-van-Brussel-768x512.jpg 768w, https:\/\/greencottage.be\/wp-content\/uploads\/2020\/09\/Plaats-om-residentie\u0308le-seminaries-te-organiseren-in-de-buurt-van-Brussel-1536x1024.jpg 1536w, https:\/\/greencottage.be\/wp-content\/uploads\/2020\/09\/Plaats-om-residentie\u0308le-seminaries-te-organiseren-in-de-buurt-van-Brussel-1200x800.jpg 1200w, https:\/\/greencottage.be\/wp-content\/uploads\/2020\/09\/Plaats-om-residentie\u0308le-seminaries-te-organiseren-in-de-buurt-van-Brussel.jpg 1620w\" sizes=\"auto, (max-width: 1024px) 100vw, 1024px\" \/><\/a><\/figure>\n\n\n\n<figure class=\"wp-block-image size-large\"><a href=\"https:\/\/greencottage.be\/wp-content\/uploads\/2020\/09\/Kant-en-klare-seminarie-met-accommodatie-in-Brussel-684x1024.jpg\"><img loading=\"lazy\" decoding=\"async\" width=\"684\" height=\"1024\" data-id=\"2611\" src=\"https:\/\/greencottage.be\/wp-content\/uploads\/2020\/09\/Kant-en-klare-seminarie-met-accommodatie-in-Brussel-684x1024.jpg\" alt=\"Kant-en-klare seminarie met accommodatie in Brussel\" class=\"wp-image-2611\" srcset=\"https:\/\/greencottage.be\/wp-content\/uploads\/2020\/09\/Kant-en-klare-seminarie-met-accommodatie-in-Brussel-684x1024.jpg 684w, https:\/\/greencottage.be\/wp-content\/uploads\/2020\/09\/Kant-en-klare-seminarie-met-accommodatie-in-Brussel-401x600.jpg 401w, https:\/\/greencottage.be\/wp-content\/uploads\/2020\/09\/Kant-en-klare-seminarie-met-accommodatie-in-Brussel-200x300.jpg 200w, https:\/\/greencottage.be\/wp-content\/uploads\/2020\/09\/Kant-en-klare-seminarie-met-accommodatie-in-Brussel.jpg 721w\" sizes=\"auto, (max-width: 684px) 100vw, 684px\" \/><\/a><\/figure>\n<\/figure>\n","protected":false},"excerpt":{"rendered":"<p>Charmante en comfortabele kamers van hoge kwaliteit. Ons gastenhuis beschikt over 8 junior suites waarvan twee met aangepaste toegang en faciliteiten voor mindervaliden. De kamers zijn geluiddicht en beschikken over een gevulde minibar.<\/p>\n","protected":false},"author":1,"featured_media":586,"parent":0,"menu_order":0,"comment_status":"closed","ping_status":"closed","template":"","meta":{"_genesis_hide_title":false,"_genesis_hide_breadcrumbs":false,"_genesis_hide_singular_image":false,"_genesis_hide_footer_widgets":false,"_genesis_custom_body_class":"","_genesis_custom_post_class":"","_genesis_layout":"","footnotes":""},"class_list":{"0":"post-877","1":"page","2":"type-page","3":"status-publish","4":"has-post-thumbnail","6":"entry"},"yoast_head":"<!-- This site is optimized with the Yoast SEO plugin v27.4 - https:\/\/yoast.com\/product\/yoast-seo-wordpress\/ -->\n<title>Professioneel of familieverblijf in het groen vlakbij Brussel | Green Cottage<\/title>\n<meta name=\"description\" content=\"Voor een residentiele seminarie of een gezinsverblijf midden in de natuur. Gezelligheid en comfort gegarandeerd. Dicht bij Brussel. Uitstekende uitrusting.\" \/>\n<meta name=\"robots\" content=\"index, follow, max-snippet:-1, max-image-preview:large, max-video-preview:-1\" \/>\n<link rel=\"canonical\" href=\"https:\/\/greencottage.be\/nl\/seminarie-teambuilding-residentieel-in-het-groen\/\" \/>\n<meta property=\"og:locale\" content=\"nl_BE\" \/>\n<meta property=\"og:type\" content=\"article\" \/>\n<meta property=\"og:title\" content=\"Professioneel of familieverblijf in het groen vlakbij Brussel | Green Cottage\" \/>\n<meta property=\"og:description\" content=\"Voor een residentiele seminarie of een gezinsverblijf midden in de natuur. Gezelligheid en comfort gegarandeerd. Dicht bij Brussel. Uitstekende uitrusting.\" \/>\n<meta property=\"og:url\" content=\"https:\/\/greencottage.be\/nl\/seminarie-teambuilding-residentieel-in-het-groen\/\" \/>\n<meta property=\"og:site_name\" content=\"Green Cottage\" \/>\n<meta property=\"article:publisher\" content=\"https:\/\/www.facebook.com\/www.greencottage.be\" \/>\n<meta property=\"article:modified_time\" content=\"2023-06-23T08:28:49+00:00\" \/>\n<meta property=\"og:image\" content=\"https:\/\/greencottage.be\/wp-content\/uploads\/2018\/02\/greencottage-chambre-d-hotes-bed-and-breakfast-bruxelles-aeroport-atomium-heysel-_33.jpg\" \/>\n\t<meta property=\"og:image:width\" content=\"1024\" \/>\n\t<meta property=\"og:image:height\" content=\"682\" \/>\n\t<meta property=\"og:image:type\" content=\"image\/jpeg\" \/>\n<meta name=\"twitter:card\" content=\"summary_large_image\" \/>\n<meta name=\"twitter:label1\" content=\"Geschatte leestijd\" \/>\n\t<meta name=\"twitter:data1\" content=\"3 minutes\" \/>\n<script type=\"application\/ld+json\" class=\"yoast-schema-graph\">{\"@context\":\"https:\\\/\\\/schema.org\",\"@graph\":[{\"@type\":\"WebPage\",\"@id\":\"https:\\\/\\\/greencottage.be\\\/nl\\\/seminarie-teambuilding-residentieel-in-het-groen\\\/\",\"url\":\"https:\\\/\\\/greencottage.be\\\/nl\\\/seminarie-teambuilding-residentieel-in-het-groen\\\/\",\"name\":\"Professioneel of familieverblijf in het groen vlakbij Brussel | Green Cottage\",\"isPartOf\":{\"@id\":\"https:\\\/\\\/greencottage.be\\\/nl\\\/#website\"},\"primaryImageOfPage\":{\"@id\":\"https:\\\/\\\/greencottage.be\\\/nl\\\/seminarie-teambuilding-residentieel-in-het-groen\\\/#primaryimage\"},\"image\":{\"@id\":\"https:\\\/\\\/greencottage.be\\\/nl\\\/seminarie-teambuilding-residentieel-in-het-groen\\\/#primaryimage\"},\"thumbnailUrl\":\"https:\\\/\\\/greencottage.be\\\/wp-content\\\/uploads\\\/2018\\\/02\\\/greencottage-chambre-d-hotes-bed-and-breakfast-bruxelles-aeroport-atomium-heysel-_33.jpg\",\"datePublished\":\"2018-03-01T01:58:00+00:00\",\"dateModified\":\"2023-06-23T08:28:49+00:00\",\"description\":\"Voor een residentiele seminarie of een gezinsverblijf midden in de natuur. Gezelligheid en comfort gegarandeerd. Dicht bij Brussel. Uitstekende uitrusting.\",\"breadcrumb\":{\"@id\":\"https:\\\/\\\/greencottage.be\\\/nl\\\/seminarie-teambuilding-residentieel-in-het-groen\\\/#breadcrumb\"},\"inLanguage\":\"nl-BE\",\"potentialAction\":[{\"@type\":\"ReadAction\",\"target\":[\"https:\\\/\\\/greencottage.be\\\/nl\\\/seminarie-teambuilding-residentieel-in-het-groen\\\/\"]}]},{\"@type\":\"ImageObject\",\"inLanguage\":\"nl-BE\",\"@id\":\"https:\\\/\\\/greencottage.be\\\/nl\\\/seminarie-teambuilding-residentieel-in-het-groen\\\/#primaryimage\",\"url\":\"https:\\\/\\\/greencottage.be\\\/wp-content\\\/uploads\\\/2018\\\/02\\\/greencottage-chambre-d-hotes-bed-and-breakfast-bruxelles-aeroport-atomium-heysel-_33.jpg\",\"contentUrl\":\"https:\\\/\\\/greencottage.be\\\/wp-content\\\/uploads\\\/2018\\\/02\\\/greencottage-chambre-d-hotes-bed-and-breakfast-bruxelles-aeroport-atomium-heysel-_33.jpg\",\"width\":1024,\"height\":682,\"caption\":\"Greencottage Chambre D Hotes Bed And Breakfast Bruxelles Aeroport Atomium Heysel\"},{\"@type\":\"BreadcrumbList\",\"@id\":\"https:\\\/\\\/greencottage.be\\\/nl\\\/seminarie-teambuilding-residentieel-in-het-groen\\\/#breadcrumb\",\"itemListElement\":[{\"@type\":\"ListItem\",\"position\":1,\"name\":\"Accueil\",\"item\":\"https:\\\/\\\/greencottage.be\\\/nl\\\/\"},{\"@type\":\"ListItem\",\"position\":2,\"name\":\"Kamers\"}]},{\"@type\":\"WebSite\",\"@id\":\"https:\\\/\\\/greencottage.be\\\/nl\\\/#website\",\"url\":\"https:\\\/\\\/greencottage.be\\\/nl\\\/\",\"name\":\"Green Cottage\",\"description\":\"Salle de r\u00e9union \\\/ S\u00e9minaire au vert \u00e0 proximit\u00e9 de Bruxelles\",\"publisher\":{\"@id\":\"https:\\\/\\\/greencottage.be\\\/nl\\\/#organization\"},\"potentialAction\":[{\"@type\":\"SearchAction\",\"target\":{\"@type\":\"EntryPoint\",\"urlTemplate\":\"https:\\\/\\\/greencottage.be\\\/nl\\\/?s={search_term_string}\"},\"query-input\":{\"@type\":\"PropertyValueSpecification\",\"valueRequired\":true,\"valueName\":\"search_term_string\"}}],\"inLanguage\":\"nl-BE\"},{\"@type\":\"Organization\",\"@id\":\"https:\\\/\\\/greencottage.be\\\/nl\\\/#organization\",\"name\":\"Green Cottage\",\"url\":\"https:\\\/\\\/greencottage.be\\\/nl\\\/\",\"logo\":{\"@type\":\"ImageObject\",\"inLanguage\":\"nl-BE\",\"@id\":\"https:\\\/\\\/greencottage.be\\\/nl\\\/#\\\/schema\\\/logo\\\/image\\\/\",\"url\":\"https:\\\/\\\/greencottage.be\\\/wp-content\\\/uploads\\\/2023\\\/11\\\/cropped-Greencottage_logo-01.png\",\"contentUrl\":\"https:\\\/\\\/greencottage.be\\\/wp-content\\\/uploads\\\/2023\\\/11\\\/cropped-Greencottage_logo-01.png\",\"width\":400,\"height\":302,\"caption\":\"Green Cottage\"},\"image\":{\"@id\":\"https:\\\/\\\/greencottage.be\\\/nl\\\/#\\\/schema\\\/logo\\\/image\\\/\"},\"sameAs\":[\"https:\\\/\\\/www.facebook.com\\\/www.greencottage.be\"]}]}<\/script>\n<!-- \/ Yoast SEO plugin. -->","yoast_head_json":{"title":"Professioneel of familieverblijf in het groen vlakbij Brussel | Green Cottage","description":"Voor een residentiele seminarie of een gezinsverblijf midden in de natuur. Gezelligheid en comfort gegarandeerd. Dicht bij Brussel. Uitstekende uitrusting.","robots":{"index":"index","follow":"follow","max-snippet":"max-snippet:-1","max-image-preview":"max-image-preview:large","max-video-preview":"max-video-preview:-1"},"canonical":"https:\/\/greencottage.be\/nl\/seminarie-teambuilding-residentieel-in-het-groen\/","og_locale":"nl_BE","og_type":"article","og_title":"Professioneel of familieverblijf in het groen vlakbij Brussel | Green Cottage","og_description":"Voor een residentiele seminarie of een gezinsverblijf midden in de natuur. Gezelligheid en comfort gegarandeerd. Dicht bij Brussel. Uitstekende uitrusting.","og_url":"https:\/\/greencottage.be\/nl\/seminarie-teambuilding-residentieel-in-het-groen\/","og_site_name":"Green Cottage","article_publisher":"https:\/\/www.facebook.com\/www.greencottage.be","article_modified_time":"2023-06-23T08:28:49+00:00","og_image":[{"width":1024,"height":682,"url":"https:\/\/greencottage.be\/wp-content\/uploads\/2018\/02\/greencottage-chambre-d-hotes-bed-and-breakfast-bruxelles-aeroport-atomium-heysel-_33.jpg","type":"image\/jpeg"}],"twitter_card":"summary_large_image","twitter_misc":{"Geschatte leestijd":"3 minutes"},"schema":{"@context":"https:\/\/schema.org","@graph":[{"@type":"WebPage","@id":"https:\/\/greencottage.be\/nl\/seminarie-teambuilding-residentieel-in-het-groen\/","url":"https:\/\/greencottage.be\/nl\/seminarie-teambuilding-residentieel-in-het-groen\/","name":"Professioneel of familieverblijf in het groen vlakbij Brussel | Green Cottage","isPartOf":{"@id":"https:\/\/greencottage.be\/nl\/#website"},"primaryImageOfPage":{"@id":"https:\/\/greencottage.be\/nl\/seminarie-teambuilding-residentieel-in-het-groen\/#primaryimage"},"image":{"@id":"https:\/\/greencottage.be\/nl\/seminarie-teambuilding-residentieel-in-het-groen\/#primaryimage"},"thumbnailUrl":"https:\/\/greencottage.be\/wp-content\/uploads\/2018\/02\/greencottage-chambre-d-hotes-bed-and-breakfast-bruxelles-aeroport-atomium-heysel-_33.jpg","datePublished":"2018-03-01T01:58:00+00:00","dateModified":"2023-06-23T08:28:49+00:00","description":"Voor een residentiele seminarie of een gezinsverblijf midden in de natuur. Gezelligheid en comfort gegarandeerd. Dicht bij Brussel. Uitstekende uitrusting.","breadcrumb":{"@id":"https:\/\/greencottage.be\/nl\/seminarie-teambuilding-residentieel-in-het-groen\/#breadcrumb"},"inLanguage":"nl-BE","potentialAction":[{"@type":"ReadAction","target":["https:\/\/greencottage.be\/nl\/seminarie-teambuilding-residentieel-in-het-groen\/"]}]},{"@type":"ImageObject","inLanguage":"nl-BE","@id":"https:\/\/greencottage.be\/nl\/seminarie-teambuilding-residentieel-in-het-groen\/#primaryimage","url":"https:\/\/greencottage.be\/wp-content\/uploads\/2018\/02\/greencottage-chambre-d-hotes-bed-and-breakfast-bruxelles-aeroport-atomium-heysel-_33.jpg","contentUrl":"https:\/\/greencottage.be\/wp-content\/uploads\/2018\/02\/greencottage-chambre-d-hotes-bed-and-breakfast-bruxelles-aeroport-atomium-heysel-_33.jpg","width":1024,"height":682,"caption":"Greencottage Chambre D Hotes Bed And Breakfast Bruxelles Aeroport Atomium Heysel"},{"@type":"BreadcrumbList","@id":"https:\/\/greencottage.be\/nl\/seminarie-teambuilding-residentieel-in-het-groen\/#breadcrumb","itemListElement":[{"@type":"ListItem","position":1,"name":"Accueil","item":"https:\/\/greencottage.be\/nl\/"},{"@type":"ListItem","position":2,"name":"Kamers"}]},{"@type":"WebSite","@id":"https:\/\/greencottage.be\/nl\/#website","url":"https:\/\/greencottage.be\/nl\/","name":"Green Cottage","description":"Salle de r\u00e9union \/ S\u00e9minaire au vert \u00e0 proximit\u00e9 de Bruxelles","publisher":{"@id":"https:\/\/greencottage.be\/nl\/#organization"},"potentialAction":[{"@type":"SearchAction","target":{"@type":"EntryPoint","urlTemplate":"https:\/\/greencottage.be\/nl\/?s={search_term_string}"},"query-input":{"@type":"PropertyValueSpecification","valueRequired":true,"valueName":"search_term_string"}}],"inLanguage":"nl-BE"},{"@type":"Organization","@id":"https:\/\/greencottage.be\/nl\/#organization","name":"Green Cottage","url":"https:\/\/greencottage.be\/nl\/","logo":{"@type":"ImageObject","inLanguage":"nl-BE","@id":"https:\/\/greencottage.be\/nl\/#\/schema\/logo\/image\/","url":"https:\/\/greencottage.be\/wp-content\/uploads\/2023\/11\/cropped-Greencottage_logo-01.png","contentUrl":"https:\/\/greencottage.be\/wp-content\/uploads\/2023\/11\/cropped-Greencottage_logo-01.png","width":400,"height":302,"caption":"Green Cottage"},"image":{"@id":"https:\/\/greencottage.be\/nl\/#\/schema\/logo\/image\/"},"sameAs":["https:\/\/www.facebook.com\/www.greencottage.be"]}]}},"_links":{"self":[{"href":"https:\/\/greencottage.be\/nl\/wp-json\/wp\/v2\/pages\/877","targetHints":{"allow":["GET"]}}],"collection":[{"href":"https:\/\/greencottage.be\/nl\/wp-json\/wp\/v2\/pages"}],"about":[{"href":"https:\/\/greencottage.be\/nl\/wp-json\/wp\/v2\/types\/page"}],"author":[{"embeddable":true,"href":"https:\/\/greencottage.be\/nl\/wp-json\/wp\/v2\/users\/1"}],"replies":[{"embeddable":true,"href":"https:\/\/greencottage.be\/nl\/wp-json\/wp\/v2\/comments?post=877"}],"version-history":[{"count":6,"href":"https:\/\/greencottage.be\/nl\/wp-json\/wp\/v2\/pages\/877\/revisions"}],"predecessor-version":[{"id":6228,"href":"https:\/\/greencottage.be\/nl\/wp-json\/wp\/v2\/pages\/877\/revisions\/6228"}],"wp:featuredmedia":[{"embeddable":true,"href":"https:\/\/greencottage.be\/nl\/wp-json\/wp\/v2\/media\/586"}],"wp:attachment":[{"href":"https:\/\/greencottage.be\/nl\/wp-json\/wp\/v2\/media?parent=877"}],"curies":[{"name":"wp","href":"https:\/\/api.w.org\/{rel}","templated":true}]}}